{"id":738,"date":"2024-09-18T22:52:01","date_gmt":"2024-09-18T19:52:01","guid":{"rendered":"http:\/\/serezartwebdesign.com\/germir\/?page_id=738"},"modified":"2024-09-19T00:35:55","modified_gmt":"2024-09-18T21:35:55","slug":"kvkk-aydinlatma-metni","status":"publish","type":"page","link":"https:\/\/germirconsulting.com\/en\/kvkk-aydinlatma-metni\/","title":{"rendered":"GDPR - Privacy Notice"},"content":{"rendered":"<p style=\"font-weight: 400;\"><strong>GDPR - Privacy Notice <\/strong><\/p>\n<p style=\"font-weight: 400;\">Germir Dan\u0131\u015fmanl\u0131k Ticaret Ltd. \u015eti. (\u201c<strong>\u015eirket<\/strong>\u201d, \u201c<strong>Germir Dan\u0131\u015fmanl\u0131k<\/strong>\u201d ya da \u201c<strong>Biz<\/strong>\u201d olarak an\u0131lacakt\u0131r) veri sorumlusu olarak, m\u00fc\u015fteri ve i\u015f ortaklar\u0131n\u0131n ki\u015fisel verilerinin hukuka uygun olarak i\u015flenmesini son derece \u00f6nemsemektedir.<\/p>\n<p style=\"font-weight: 400;\">\u0130\u015fbu ayd\u0131nlatma metni (\u201c<strong>Ayd\u0131nlatma Metni<\/strong>\u201d), ki\u015fisel verilerinizin \u015feffaf bi\u00e7imde i\u015flenmesi amac\u0131yla, ba\u015fta 6698 say\u0131l\u0131 Ki\u015fisel Verilerin Korunmas\u0131 Kanunu\u2019nun (\u201c<strong>Kanun<\/strong>\u201d) 10. maddesi olmak \u00fczere AB Genel Veri Koruma T\u00fcz\u00fc\u011f\u00fc\u2019ne ((EU) 2016\/679 say\u0131l\u0131 T\u00fcz\u00fck) (\u201c<strong>GDPR<\/strong>\u201d) uygun olarak haz\u0131rlanm\u0131\u015ft\u0131r.<\/p>\n<p style=\"font-weight: 400;\">Germir Dan\u0131\u015fmanl\u0131k olarak siz de\u011ferli m\u00fc\u015fterilerimize i\u015fe al\u0131m, \u00e7al\u0131\u015fan de\u011ferlendirme, organizasyon yap\u0131land\u0131rmas\u0131, kariyer dan\u0131\u015fmanl\u0131\u011f\u0131, kariyer ko\u00e7lu\u011fu vb. hizmetlerinin sunulabilmesi, talep ve \u015fikayetlerinizin de\u011ferlendirilmesi, m\u00fc\u015fteri memnuniyetinin sa\u011flanmas\u0131 gibi ama\u00e7larla i\u015fledi\u011fimiz ki\u015fisel verileriniz hakk\u0131nda sizleri ayr\u0131nt\u0131l\u0131 bir \u015fekilde bilgilendirmek istemekteyiz. Bu kapsamda; Ayd\u0131nlatma Metninde hangi ki\u015fisel verilerinizi hangi ama\u00e7larla i\u015fledi\u011fimiz, verilerinizin ne kadar s\u00fcre ile muhafaza edildi\u011fi ile verilerin payla\u015f\u0131ld\u0131\u011f\u0131 \u00fc\u00e7\u00fcnc\u00fc taraflara, haklar\u0131n\u0131za ve bizimle ileti\u015fime ge\u00e7ebilece\u011finiz y\u00f6ntemlere ili\u015fkin bilgiler sunulmaktad\u0131r.<\/p>\n<p style=\"font-weight: 400;\">Veri i\u015fleme faaliyetleri, \u201chukuka ve d\u00fcr\u00fcstl\u00fck kurallar\u0131na uygun olma, \u015feffafl\u0131k\u201d, \u201cama\u00e7la s\u0131n\u0131rl\u0131l\u0131k\u201d, \u201cveri minimizasyonu\u201d, \u201cdo\u011fru ve g\u00fcncel olma\u201d, \u201csaklama s\u00fcresi s\u0131n\u0131rlamas\u0131\u201d, \u201cb\u00fct\u00fcnl\u00fck ve gizlilik\u201d, \u201cilgili ki\u015finin ki\u015fisel verisi \u00fczerinde kontrol hakk\u0131\u201d ve \u201chesap verilebilirlik\u201d ilkelerine uygun olarak y\u00fcr\u00fct\u00fclmektedir.<\/p>\n<p style=\"font-weight: 400;\">Ayd\u0131nlatma Metni\u2019nde herhangi bir zamanda g\u00fcncelleme yapma hakk\u0131m\u0131z\u0131n sakl\u0131 oldu\u011funu ve metin \u00fczerinde esasl\u0131 bir de\u011fi\u015fiklik yap\u0131lmas\u0131 halinde g\u00fcncel Ayd\u0131nlatma Metninin sizlerle payla\u015f\u0131laca\u011f\u0131n\u0131 belirtmek isteriz. \u015eirket olarak ki\u015fisel verilerinizin i\u015flenmesi ile ilgili konularda size zaman zaman farkl\u0131 y\u00f6ntemlerle de bildirimde bulunabiliriz.<\/p>\n<p style=\"font-weight: 400;\"><strong>Hangi Ki\u015fisel Verilerinizi \u0130\u015fliyoruz ve Ki\u015fisel Verilerinizi Nas\u0131l Elde Ediyoruz<\/strong>?<\/p>\n<p style=\"font-weight: 400;\">Germir Dan\u0131\u015fmanl\u0131k taraf\u0131ndan i\u015flenmekte olan ki\u015fisel verilerinize ili\u015fkin genel bilgiler a\u015fa\u011f\u0131daki gibidir:<\/p>\n<p style=\"font-weight: 400;\">Kimlik Bilgileri: Ad, soyad<\/p>\n<p style=\"font-weight: 400;\">\u0130leti\u015fim Bilgileri: E-posta adresi, telefon numaras\u0131, cep telefonu numaras\u0131, adres bilgisi.<\/p>\n<p style=\"font-weight: 400;\">\u00d6zge\u00e7mi\u015f Bilgisi: Ad, uyruk, do\u011fum tarihi, cinsiyet, mezuniyet ve sertifika bilgileri, verilen \u00fclke bilgisi, kariyer ge\u00e7mik\u0131nda bilgi.<\/p>\n<p style=\"font-weight: 400;\">Di\u011fer Bilgiler: M\u00fclakatlar ve toplant\u0131lar esnas\u0131nda al\u0131nan notlar, Dan\u0131\u015fan Envanter veri ve raporlar\u0131, organizasyonel dok\u00fcmanlar (pozisyon\/ g\u00f6rev tan\u0131mlar\u0131, i\u015f ve s\u00fcre\u00e7 bilgileri)<\/p>\n<p style=\"font-weight: 400;\"><strong>Ki\u015fisel Veri Toplamada Kullan\u0131lan Y\u00f6ntemler;<\/strong><\/p>\n<ul style=\"font-weight: 400;\">\n<li>Germir Dan\u0131\u015fmanl\u0131k\u2019a do\u011frudan aday ba\u015fvurucu ve\/veya i\u015fveren m\u00fc\u015fteri taraf\u0131ndan sa\u011flanan ki\u015fisel veriler:\u00a0\u0130lgililerce do\u011frudan iletilen t\u00fcm bilgi ve belgeler,<\/li>\n<li>\u00dc\u00e7\u00fcnc\u00fc ki\u015filerden aday ba\u015fvurucu ve\/veya i\u015fveren m\u00fc\u015fteri ile ilgili olarak toplanan ki\u015fisel veriler:\u00a0Germir Dan\u0131\u015fmanl\u0131k\u2019\u0131n i\u015fbirli\u011fi yapt\u0131\u011f\u0131 kurum ve kurulu\u015flar veya m\u00fc\u015fterileri ile T\u00fcrkiye \u0130\u015f Kurumu gibi resmi kurumlardan toplanan bilgi ve belgeler,<\/li>\n<li>Video konferans, telefon gibi ara\u00e7larla veya y\u00fcz y\u00fcze m\u00fclakat yap\u0131lan haller:\u00a0Bu hallerde, m\u00fclakat s\u0131ras\u0131nda,\u00a0Germir Dan\u0131\u015fmanl\u0131k\u00a0\u00e7al\u0131\u015fan\u0131 taraf\u0131ndan iletilen bilgilerin do\u011frulu\u011funu teyit etmek amac\u0131yla yap\u0131lan kontroller ile \u015firketimiz taraf\u0131ndan yap\u0131lan ara\u015ft\u0131rmalar,<\/li>\n<li>Tecr\u00fcbesi olan uzman ki\u015filer taraf\u0131ndan yap\u0131lan ve sonu\u00e7lar\u0131 incelenen yetenek ve ki\u015filik \u00f6zelliklerini tespit eden i\u015fe al\u0131m envanterleri:\u00a0Bu envanterler sonucunda elde edilmi\u015f veriler,<\/li>\n<li>\u00c7erezler ve benzeri teknolojiler vas\u0131tas\u0131yla toplanan veriler:\u00a0Web sitesi kullan\u0131m\u0131 vb. durumlarda elde edilen ki\u015fisel veriler,<\/li>\n<li>\u015eirketimiz ve\/veya anla\u015fmal\u0131 kurum internet siteleri ve benzeri kanallar arac\u0131l\u0131\u011f\u0131 ile toplanan veriler:\u00a0An\u0131lan uygulamalar ve internet siteleri \u00fczerinden otomatik ya da otomatik olmayan yollarla, yaz\u0131l\u0131, s\u00f6zl\u00fc ya da elektronik ortamda toplanan ki\u015fisel veriler,<\/li>\n<\/ul>\n<p style=\"font-weight: 400;\">\u015eeklinde ifade edilebilir.<\/p>\n<p style=\"font-weight: 400;\">Ki\u015fisel verileriniz, Kanun\u2019da \u00f6ng\u00f6r\u00fclen \u015fartlardan en az birinin bulunmas\u0131 kayd\u0131 ile \u015eirket\u2019imize ait web sitesinde veya matbu formlar, bu amaca \u00f6zg\u00fclenmi\u015f elektronik veya \u00e7evrim i\u00e7i sistemler vas\u0131tas\u0131yla elde edilmekte ve ba\u015fta Kanun\u2019un 4. maddesindeki temel ilkeler olmak \u00fczere tabi oldu\u011fumuz ulusal\/uluslararas\u0131 mevzuat h\u00fck\u00fcmlerine uygun \u015fekilde i\u015flenmektedir. Taraf\u0131n\u0131zdan ki\u015fisel veri temin etmemiz almam\u0131z halinde s\u00f6z konusu kay\u0131tlar, yukar\u0131da say\u0131lan hizmetlerin sunulmas\u0131 ve buna dair y\u00fck\u00fcml\u00fcl\u00fcklerimizin yerine getirilmesi ama\u00e7lar\u0131yla s\u0131n\u0131rl\u0131 olarak, Kanun\u2019un 4 (2) (\u00e7) maddesinde yer alan ama\u00e7la s\u0131n\u0131rl\u0131l\u0131k ve \u00f6l\u00e7\u00fcl\u00fcl\u00fck ilkesi ile GDPR 5 (1) (c) maddesinde yer alan veri minimizasyonu ilkesine uygun \u015fekilde ve Kanun\u2019un 12. Maddesi ile GDPR 32. maddesinde d\u00fczenlenen veri g\u00fcvenli\u011fi prensipleri sa\u011flanarak i\u015flenmekte ve bu kay\u0131tlar hizmetlerin sunulmas\u0131 ve hukuki y\u00fck\u00fcml\u00fcl\u00fcklerin sona ermesinden sonra imha edilmekte ve\/ veya silinmektedir.<\/p>\n<p style=\"font-weight: 400;\"><strong>Ki\u015fisel Verilerinizi Hangi Ama\u00e7larla \u0130\u015fliyoruz?<\/strong><\/p>\n<p style=\"font-weight: 400;\">Ki\u015fisel verileriniz, ba\u015fta Kanun olmak \u00fczere GDPR ve di\u011fer ilgili mevzuat h\u00fck\u00fcmlerine uygun \u015fekilde a\u015fa\u011f\u0131daki ama\u00e7larla i\u015flenmektedir:<\/p>\n<p style=\"font-weight: 400;\">Adaylar\u0131n toplanan ki\u015fisel verileri ile i\u015fin niteli\u011fine g\u00f6re gerekli hallerde toplanacak \u00f6zel nitelikli ki\u015fisel verileri, i\u015fbu metinde belirtilen ama\u00e7lar\u0131n yan\u0131nda ayr\u0131ca a\u015fa\u011f\u0131da da s\u0131ralanan ama\u00e7larla da i\u015flenecektir:<\/p>\n<ul style=\"font-weight: 400;\">\n<li>Aday\u0131n niteli\u011fini, tecr\u00fcbesini ve ilgisini a\u00e7\u0131k pozisyona uygunlu\u011funu de\u011ferlendirmek,<\/li>\n<li>Gerekti\u011fi takdirde, aday\u0131n iletti\u011fi bilgilerin do\u011frulu\u011funun kontrol\u00fcn\u00fc yapmak veya \u00fc\u00e7\u00fcnc\u00fc ki\u015filerle ileti\u015fime ge\u00e7ip aday hakk\u0131nda ara\u015ft\u0131rma yapmak,<\/li>\n<li>Ba\u015fvuru ve i\u015fe al\u0131m s\u00fcreci hakk\u0131nda aday ile ileti\u015fime ge\u00e7mek veya sonradan uygun oldu\u011fu takdirde, yurti\u00e7i veya yurtd\u0131\u015f\u0131ndaa\u00e7\u0131lan herhangi bir pozisyon i\u00e7in aday ile ileti\u015fime ge\u00e7mek,<\/li>\n<li>\u0130lgili mevzuat\u0131n gereklerini ya da yetkili kurum veya kurulu\u015fun taleplerini kar\u015f\u0131lamak,<\/li>\n<li>\u015eirketimizin uygulad\u0131\u011f\u0131 i\u015fe al\u0131m ilkelerini geli\u015ftirmek ve iyile\u015ftirmek<\/li>\n<\/ul>\n<p style=\"font-weight: 400;\">\u015eunu belirtmek isteriz ki, ba\u015fvurucu adaylar\u0131m\u0131z\u0131n yukar\u0131da tan\u0131mlanm\u0131\u015f ko\u015fullarda payla\u015ft\u0131\u011f\u0131 verilerin i\u015fveren m\u00fc\u015fterilerimiz taraf\u0131ndan herhangi bir \u015fekilde veri i\u015flemeye tabii tutulmas\u0131 halinde i\u015fveren m\u00fc\u015fterilerimiz de veri sorumlusu haline gelecektir.\u00a0Germir Dan\u0131\u015fmanl\u0131k arac\u0131l\u0131\u011f\u0131yla ilgili i\u015fverenin eri\u015fimine a\u00e7\u0131lm\u0131\u015f aday ba\u015fvurucunun verileri ile ilgili i\u015fverene talebi olmas\u0131 halinde, talep ilgili tarafa iletilecektir. Ayr\u0131ca, i\u015fveren m\u00fc\u015fterilerimizin elde etti\u011fi adaylar\u0131n verilerini kendi sistemlerine aktard\u0131\u011f\u0131 haller i\u00e7in, aktar\u0131lan bilgilerle ilgili, talebin ger\u00e7ekle\u015ftirilmesi veri sorumlusu s\u0131fat\u0131yla i\u015fveren m\u00fc\u015fterinin sorumlulu\u011funa ait olacakt\u0131r.<\/p>\n<p style=\"font-weight: 400;\">Germir Dan\u0131\u015fmanl\u0131k olarak GDPR\u2019\u0131n 22. Maddesinde d\u00fczenlenen profilleme de dahil olmak \u00fczere herhangi bir otomatik karar alma mekanizmas\u0131 i\u015fletmedi\u011fimizi vurgulamak isteriz. \u015eayet bu durumda bir de\u011fi\u015fiklik olur ise sizleri bilgilendirece\u011fimizi ve GDPR kapsam\u0131ndaki gereklilikleri kar\u015f\u0131layaca\u011f\u0131m\u0131z\u0131 belirtmek isteriz.<\/p>\n<p style=\"font-weight: 400;\"><strong>Ki\u015fisel Verilerinizi Nas\u0131l Koruyor ve Ne kadar S\u00fcre ile Sakl\u0131yoruz?<\/strong><\/p>\n<p style=\"font-weight: 400;\">Ki\u015fisel verilerinizin kazaen kayb\u0131n\u0131, kullan\u0131lmas\u0131n\u0131, yetkisiz bir \u015fekilde eri\u015filmesini, de\u011fi\u015ftirilmesini veya if\u015fa edilmesini \u00f6nlemek i\u00e7in gerekli t\u00fcm g\u00fcvenlik tedbirlerini al\u0131yoruz. Ayr\u0131ca, ki\u015fisel verilerinize Operasyonel gereklilik nedeniyle eri\u015fim sa\u011flanmas\u0131n\u0131n zaruri olmas\u0131 halinde- \u00e7al\u0131\u015fanlar, y\u00fckleniciler ile di\u011fer \u00fc\u00e7\u00fcnc\u00fc taraflara yaln\u0131zca, \u201cbilmesi gerekti\u011fi kadar\u201d prensibi \u00e7er\u00e7evesinde, s\u0131n\u0131rl\u0131 bir eri\u015fim yetkisi sa\u011fl\u0131yoruz. Bu taraflar ki\u015fisel verilerinizi yaln\u0131zca \u00f6zel talimatlar\u0131m\u0131za ba\u011fl\u0131 olarak ve s\u0131r saklama y\u00fck\u00fcml\u00fcl\u00fc\u011f\u00fcne tabi \u015fekilde i\u015fleyeceklerdir.<\/p>\n<p style=\"font-weight: 400;\">Herhangi bir veri ihlali halinde al\u0131nacak aksiyonlar i\u00e7in gerekli prosed\u00fcrler haz\u0131rlanm\u0131\u015f olup muhtemel bir ki\u015fisel veri ihlali halinde yasal gereklilikler do\u011frultusunda sizi ve ilgili otoriteyi bilgilendirece\u011fimizi belirtmek isteriz.<\/p>\n<p style=\"font-weight: 400;\">Ba\u015fta T\u00fcrk hukuku olmak \u00fczere Avrupa Hukuku ve ya\u015fad\u0131\u011f\u0131n\u0131z veya hukukuna tabi oldu\u011funuz \u00fclkenin mevzuat\u0131na (\u00f6rne\u011fin ABD, Almanya, \u0130talya, \u0130spanya, \u0130svi\u00e7re vb.) g\u00f6re farkl\u0131l\u0131k arz edebilecek veri saklama s\u00fcreleri belirlenebilmektedir.<\/p>\n<p style=\"font-weight: 400;\">Ki\u015fisel verileriniz, belirtilen ama\u00e7lar i\u00e7in veriye ihtiya\u00e7 kalmad\u0131\u011f\u0131nda ve hukuki saklama s\u00fcreleri sona erdi\u011finde silinir.<\/p>\n<p style=\"font-weight: 400;\"><strong>Ki\u015fisel Verilerinizi Kimlere ve Hangi Ama\u00e7larla Aktar\u0131yoruz?<\/strong><\/p>\n<p style=\"font-weight: 400;\">Taraf\u0131m\u0131zca i\u015flenen ki\u015fisel verilerinizi yukar\u0131da belirtilen ama\u00e7lar do\u011frultusunda yurt i\u00e7indeki veya yurtd\u0131\u015f\u0131ndaki \u00fc\u00e7\u00fcnc\u00fc taraflara ba\u015fta Kanun\u2019un 8. ve 9. maddeleri ile GDPR 44. maddesi olmak \u00fczere ulusal ve uluslararas\u0131 mevzuat h\u00fck\u00fcmleri \u00e7er\u00e7evesinde aktarabilmekteyiz. \u015eirketimiz, s\u00f6z konusu ki\u015fisel verilerinizi sadece; Ki\u015fisel Veri Sahiplerinin a\u00e7\u0131k r\u0131zas\u0131na istinaden ve\/veya KVKK 5. maddesinin 2. F\u0131kra h\u00fckm\u00fc ya da benzeri mevzuat gere\u011fi h\u00fck\u00fcmlere istinaden zorunlu hallerde; KVKK\u2019da belirtilen g\u00fcvenlik ve gizlilik esaslar\u0131 \u00e7er\u00e7evesinde gerekli \u00f6nlemler al\u0131nmak kayd\u0131yla; \u015eirket faaliyetlerinin y\u00fcr\u00fct\u00fclmesi i\u00e7in ve faaliyetlerimiz gere\u011fi yurt i\u00e7inde ve yurt d\u0131\u015f\u0131nda do\u011frudan\/dolayl\u0131 i\u015f ortaklar\u0131m\u0131z, anla\u015fmal\u0131 oldu\u011fumuz ve hizmet sundu\u011fumuz m\u00fc\u015fteriler ve 3. Ki\u015filer ve yasal zorunluluk gere\u011fi bu verileri talep etmeye yetkili olan kamu kurum veya kurulu\u015flar\u0131 ile payla\u015fabilecektir.<\/p>\n<p style=\"font-weight: 400;\">E\u011fer GDPR\u2019a tabi iseniz ki\u015fisel verilerinizi EEA d\u0131\u015f\u0131na yaln\u0131zca istisnai durumlarda, yeterli koruman\u0131n uygun g\u00fcvenlik tedbirleriyle sa\u011flanmas\u0131ndan emin oldu\u011fumuz takdirde aktar\u0131yoruz. Genellikle a\u015fa\u011f\u0131daki g\u00fcvenlik tedbirlerini uyguluyoruz.<\/p>\n<ol>\n<li>AB Komisyonu&#8217;nun Yeterlilik Karar\u0131 verilen \u00fclkeler listesi a\u015fa\u011f\u0131daki linkte\u00a0<a href=\"https:\/\/ec.europa.eu\/info\/law\/law-topic\/data-protection\/international-dimension-data-protection\/adequacy-decisions_en\">https:\/\/ec.europa.eu\/info\/law\/law-topic\/data-protection\/international-dimension-data-protection\/adequacy-decisions_en<\/a>yer almaktad\u0131r;<\/li>\n<li>Standard Contractual Clauses (Standart S\u00f6zle\u015fme Maddeleri): GDPR 49. Maddesinin uyguland\u0131\u011f\u0131 durumlar hari\u00e7 olmak \u00fczere EEA d\u0131\u015f\u0131ndaki di\u011fer al\u0131c\u0131lar (daha fazla bilgi i\u00e7in\u00a0<a href=\"https:\/\/ec.europa.eu\/info\/law\/law-topic\/data-protection\/international-dimension-data-protection\/standard-contractual-clauses-scc_en\">https:\/\/ec.europa.eu\/info\/law\/law-topic\/data-protection\/international-dimension-data-protection\/standard-contractual-clauses-scc_en<\/a>)<\/li>\n<\/ol>\n<ul>\n<li>bir yeterlilik karar\u0131 ve uygun g\u00fcvenlik tedbirlerinin olmad\u0131\u011f\u0131 durumlarda verinin aktar\u0131lmas\u0131n\u0131n olas\u0131 riskleri ile ilgili olarak bilgilendirilmenize ba\u011fl\u0131 \u015fekilde a\u00e7\u0131k r\u0131zan\u0131z\u0131n al\u0131nmas\u0131 halinde<\/li>\n<li>ilgili ki\u015fi ve \u015firket aras\u0131ndaki s\u00f6zle\u015fmenin ifas\u0131 i\u00e7in aktar\u0131m\u0131n gerekli olmas\u0131 halinde;<\/li>\n<li>aktar\u0131m\u0131n sizin yarar\u0131n\u0131za yap\u0131lan bir s\u00f6zle\u015fmenin akdedilmesi veya ifas\u0131 a\u00e7\u0131s\u0131ndan gerekli olmas\u0131 halinde;<\/li>\n<li>aktar\u0131m\u0131n kamu yarar\u0131 ve\/veya GDPR 49. maddede yer alan \u015fartlar\u0131n olu\u015fmas\u0131ndan dolay\u0131 gerekli olmas\u0131 halinde ;<\/li>\n<\/ul>\n<ol start=\"3\">\n<li>GDPR\u2019\u0131n 49. maddesinde yer alan istisnalar: EEA \u00fclke d\u0131\u015f\u0131ndaki di\u011fer al\u0131c\u0131lar.<\/li>\n<\/ol>\n<p style=\"font-weight: 400;\">Aktar\u0131ma ili\u015fkin ilave bilgi almak veya uygulanan g\u00fcvenlik tedbirlerine ili\u015fkin daha fazla bilgiye a\u015fa\u011f\u0131daki ileti\u015fim bilgileri arac\u0131l\u0131\u011f\u0131yla elde edilebilir.<\/p>\n<p style=\"font-weight: 400;\"><strong>\u0130lgili Ki\u015fi Olarak Hangi Haklara Sahipsiniz?<\/strong><\/p>\n<p style=\"font-weight: 400;\">Kanun\u2019un 11. maddesi uyar\u0131nca sahip oldu\u011funuz haklar \u015fu \u015fekildedir:<\/p>\n<ul>\n<li>Ki\u015fisel verilerinizin taraf\u0131m\u0131zca i\u015flenip i\u015flenmedi\u011fini \u00f6\u011frenebilirsiniz.<\/li>\n<li>E\u011fer ki\u015fisel verileriniz bizim taraf\u0131m\u0131zdan i\u015flenmi\u015fse bizden buna ili\u015fkin bilgi talep edebilirsiniz.<\/li>\n<li>Ki\u015fisel verilerinizi hangi ama\u00e7lar i\u00e7in i\u015fledi\u011fimizi ve ki\u015fisel verilerinizin bu ama\u00e7lara uygun \u015fekilde kullan\u0131l\u0131p kullan\u0131lmad\u0131\u011f\u0131n\u0131 \u00f6\u011frenebilirsiniz.<\/li>\n<li>Ki\u015fisel verilerinizi yurt i\u00e7inde veya yurt d\u0131\u015f\u0131nda aktard\u0131\u011f\u0131m\u0131z \u00fc\u00e7\u00fcnc\u00fc ki\u015fileri \u00f6\u011frenebilirsiniz.<\/li>\n<li>E\u011fer ki\u015fisel verilerinizi eksik veya yanl\u0131\u015f i\u015flemi\u015fsek, bunlar\u0131n d\u00fczeltilmesini isteyebilir ve ger\u00e7ekle\u015ftirilen bu d\u00fczeltmelerin ki\u015fisel verilerinizi aktarm\u0131\u015f oldu\u011fumuz \u00fc\u00e7\u00fcnc\u00fc taraflara da iletilmesini isteyebilirsiniz.<\/li>\n<li>Ki\u015fisel verilerinizi Kanun\u2019a ve ilgili di\u011fer ulusal ve uluslararas\u0131 mevzuat h\u00fck\u00fcmlerine uygun olarak i\u015flemi\u015f olmam\u0131za ra\u011fmen, ki\u015fisel verilerinizin i\u015flenmesini gerektiren sebeplerin ortadan kalkmas\u0131 halinde ki\u015fisel verilerinizin silinmesini veya yok edilmesini isteyebilir ve bu kapsamda yap\u0131lan d\u00fczeltmelerin ki\u015fisel verilerinizi aktarm\u0131\u015f oldu\u011fumuz \u00fc\u00e7\u00fcnc\u00fc taraflara da iletilmesini isteyebilirsiniz.<\/li>\n<li>\u0130\u015fledi\u011fimiz verilerin m\u00fcnhas\u0131ran otomatik sistemler vas\u0131tas\u0131yla analiz edilmesi suretiyle aleyhinize bir sonucun ortaya \u00e7\u0131kmas\u0131 durumunda, meydana gelen bu sonuca itiraz edebilirsiniz.<\/li>\n<li>Ki\u015fisel verilerinizin Kanun\u2019a ayk\u0131r\u0131 olarak i\u015flenmesi sebebiyle herhangi bir zarara u\u011framan\u0131z h\u00e2linde, hukuka ayk\u0131r\u0131 veri i\u015fleme dolay\u0131s\u0131yla do\u011fan zarar\u0131n giderilmesini talep edebilirsiniz.<\/li>\n<\/ul>\n<p style=\"font-weight: 400;\">GDPR uyar\u0131nca, GDPR kapsam\u0131ndaki belirli s\u0131n\u0131rlamalara tabi olarak a\u015fa\u011f\u0131daki haklar\u0131n\u0131z bulunmaktad\u0131r:<\/p>\n<ul>\n<li>Eri\u015fim hakk\u0131<\/li>\n<li>D\u00fczeltme hakk\u0131<\/li>\n<li>Sildirme hakk\u0131 (\u201cunutulma hakk\u0131\u201d)<\/li>\n<li>\u0130\u015flemeyi k\u0131s\u0131tlama hakk\u0131<\/li>\n<li>Veri ta\u015f\u0131nabilirli\u011fi hakk\u0131<\/li>\n<li>\u0130tiraz hakk\u0131<\/li>\n<\/ul>\n<p style=\"font-weight: 400;\">Yukar\u0131da saym\u0131\u015f oldu\u011fumuz haklar\u0131n\u0131z\u0131 kolayca kullanabilmeniz ve ilgili talepleri taraf\u0131m\u0131za kolayca iletebilmeniz amac\u0131yla bize a\u015fa\u011f\u0131daki ileti\u015fim bilgilerimiz arac\u0131l\u0131\u011f\u0131 ile ula\u015fabilirsiniz. Size, ba\u015fvurunuzun niteli\u011fine g\u00f6re en k\u0131sa s\u00fcrede ve en ge\u00e7 KVKK\u2019ya g\u00f6re otuz g\u00fcn, GDPR\u2019a g\u00f6re ise bir ay i\u00e7inde cevap verece\u011fiz. Ba\u015fvurular\u0131n\u0131z kural olarak \u00fccretsiz cevapland\u0131r\u0131lmaktad\u0131r; ancak ayr\u0131ca bir maliyet do\u011fmas\u0131 halinde Ki\u015fisel Verileri Koruma Kurulunca belirlenecek tarifeye g\u00f6re taraf\u0131n\u0131zdan \u00fccret talep etme hakk\u0131m\u0131z\u0131 sakl\u0131 tutmaktay\u0131z.<\/p>\n<p style=\"font-weight: 400;\"><strong>Veri Sorumlusu \u0130leti\u015fim Bilgilerimiz:<\/strong><\/p>\n<p style=\"font-weight: 400;\">Unvan: Germir Dan\u0131\u015fmanl\u0131k Ticaret\u00a0 Ltd. \u015eti.<\/p>\n<p style=\"font-weight: 400;\">Telefon Numaras\u0131: 0 216 606 6794<br \/>\nE-posta: ozlem.pehlivan@germirconsulting.com<br \/>\nWeb Sitesi: <a href=\"https:\/\/germirconsulting.com\/en\/\">www.germirconsulting.com<\/a><\/p>\n<p style=\"font-weight: 400;\">Posta Adresi: Siteyolu Caddesi, Anel \u0130\u015f Merkezi, No: 5, \u0130\u00e7 Daire Nok: 28, 34768 \u00dcmraniye \/ \u0130stanbul, T\u00fcrkiye<\/p>","protected":false},"excerpt":{"rendered":"<p>KVKK Ayd\u0131nlatma Metni Germir Dan\u0131\u015fmanl\u0131k Ticaret Ltd. \u015eti. (\u201c\u015eirket\u201d, \u201cGermir Dan\u0131\u015fmanl\u0131k\u201d ya da \u201cBiz\u201d olarak an\u0131lacakt\u0131r) veri sorumlusu olarak, m\u00fc\u015fteri<\/p>","protected":false},"author":1,"featured_media":0,"parent":0,"menu_order":0,"comment_status":"closed","ping_status":"closed","template":"","meta":{"footnotes":""},"class_list":["post-738","page","type-page","status-publish","hentry"],"_links":{"self":[{"href":"https:\/\/germirconsulting.com\/en\/wp-json\/wp\/v2\/pages\/738","targetHints":{"allow":["GET"]}}],"collection":[{"href":"https:\/\/germirconsulting.com\/en\/wp-json\/wp\/v2\/pages"}],"about":[{"href":"https:\/\/germirconsulting.com\/en\/wp-json\/wp\/v2\/types\/page"}],"author":[{"embeddable":true,"href":"https:\/\/germirconsulting.com\/en\/wp-json\/wp\/v2\/users\/1"}],"replies":[{"embeddable":true,"href":"https:\/\/germirconsulting.com\/en\/wp-json\/wp\/v2\/comments?post=738"}],"version-history":[{"count":7,"href":"https:\/\/germirconsulting.com\/en\/wp-json\/wp\/v2\/pages\/738\/revisions"}],"predecessor-version":[{"id":751,"href":"https:\/\/germirconsulting.com\/en\/wp-json\/wp\/v2\/pages\/738\/revisions\/751"}],"wp:attachment":[{"href":"https:\/\/germirconsulting.com\/en\/wp-json\/wp\/v2\/media?parent=738"}],"curies":[{"name":"wp","href":"https:\/\/api.w.org\/{rel}","templated":true}]}}